{"id":1588,"date":"2018-04-18T17:09:27","date_gmt":"2018-04-18T15:09:27","guid":{"rendered":"http:\/\/www.campingilmelo.it\/en\/ciclismo\/"},"modified":"2019-05-07T10:45:09","modified_gmt":"2019-05-07T08:45:09","slug":"biking","status":"publish","type":"page","link":"https:\/\/www.campingilmelo.it\/en\/biking\/","title":{"rendered":"2 Wheels to discover"},"content":{"rendered":"<p>In Cuneo\u2019s Valleys you will find tourist acommodations, shops, services, bike tourist guides and tourist information offices who participate to \u201cCuneo Bike Experience\u201c, the product Club that offers E-Bike, City or MTB with pedal assistance.<\/p>\n<p>Also Camping il Melo reached the Club !<\/p>\n<p>Here you will find customised Reception, Informations and Services for your active holiday (closed bicycle storage, small workshop with bicycle maintenance\/repair kits; quick laundry service; specific tourist material for bike tourism, to discover more easily, funny and sustainably)<\/p>\n<p>Come to enjoy your 2wheels emotion, with us NATURally !<\/p>\n\n<table id=\"tablepress-10\" class=\"tablepress tablepress-id-10\" aria-describedby=\"tablepress-10-description\">\n<thead>\n<tr class=\"row-1 odd\">\n\t<th class=\"column-1\"><\/th><th class=\"column-2\">NOLEGGIO E-BIKE<\/th><th class=\"column-3\">E-BIKE RENTAL<\/th><th class=\"column-4\">E-BIKE VERMIETUNG<\/th><th class=\"column-5\">E-BIKE VERHUUR<\/th><th class=\"column-6\">LOCATION<br \/>\nV\u00c9LO \u00c9L\u00c9CTRIQUE<\/th>\n<\/tr>\n<\/thead>\n<tbody class=\"row-hover\">\n<tr class=\"row-2 even\">\n\t<td class=\"column-1\">   GIORNO \/ DAY<br \/>\n<\/td><td class=\"column-2\">                  1\/2  <\/td><td class=\"column-3\">                    1 <br \/>\n<\/td><td class=\"column-4\">                     2 <br \/>\n<\/td><td class=\"column-5\">                 3<br \/>\n<\/td><td class=\"column-6\">                      4 <br \/>\n  <\/td>\n<\/tr>\n<tr class=\"row-3 odd\">\n\t<td class=\"column-1\">CITY<br \/>\nMTB front<\/td><td class=\"column-2\">                25 \u20ac<\/td><td class=\"column-3\">                 35 \u20ac<\/td><td class=\"column-4\">                 65 \u20ac<\/td><td class=\"column-5\">              90 \u20ac<\/td><td class=\"column-6\">                  110 \u20ac<\/td>\n<\/tr>\n<\/tbody>\n<\/table>\n<span id=\"tablepress-10-description\" class=\"tablepress-table-description tablepress-table-description-id-10\">Inclusi casco e lucchetto \/ Included helmet and lock \/  Casque et cadenas inclus \/ Inbegriffene Helm und Schloss \/ Inbegrepen helm en hangslot<\/span>\n<!-- #tablepress-10 from cache -->\n<p>&nbsp;<\/p>\n<div class=\"ciclismoentra\">\n<div class=\"row\">\n<div class=\"col-sm-6 text-center\">\n<p><a href=\"\/en\/biking\/road\/\"><img decoding=\"async\" src=\"\/wp-content\/uploads\/2018\/04\/road2.jpg\"><\/a><\/p>\n<h2 class=\"scritta\">Road trips<\/h2>\n<\/div>\n<div class=\"col-sm-6 text-center\">\n<p><a href=\"\/en\/biking\/mtb\/\"><img decoding=\"async\" src=\"http:\/\/www.campingilmelo.it\/wp-content\/uploads\/2018\/04\/mtb.jpg\"><\/a><\/p>\n<h2 class=\"scritta\">MTB trips<\/h2>\n<\/div>\n<\/div>\n<div class=\"row\" style=\"margin-bottom: 30px;\">\n<div class=\"col-sm-6 text-center\">\n<p><a href=\"\/category\/eventi-ciclismo\/\"><img decoding=\"async\" loading=\"lazy\" class=\"alignnone\" src=\"\/wp-content\/uploads\/2018\/04\/eventi.jpg\" alt=\"\" width=\"600\" height=\"400\"><\/a><\/p>\n<h2 class=\"scritta\">Events<\/h2>\n<\/div>\n<div class=\"col-sm-6 text-center\">\n<p><a href=\"\/en\/shops\/\"><img decoding=\"async\" src=\"\/wp-content\/uploads\/2018\/04\/shops.jpg\"><\/a><\/p>\n<h2 class=\"scritta\">Shops<\/h2>\n<\/div>\n<\/div>\n<div class=\"row\" style=\"margin-bottom: 30px;\">\n<div class=\"col-sm-6 text-center\">\n<p><a href=\"http:\/\/www.campingilmelo.it\/en\/biking\/parks\/\"><img decoding=\"async\" src=\"http:\/\/www.campingilmelo.it\/wp-content\/uploads\/2018\/05\/paks.jpg\"><\/a><\/p>\n<h2 class=\"scritta\">Parks<\/h2>\n<\/div>\n<div class=\"col-sm-6 text-center\">\n<p><a href=\"http:\/\/www.campingilmelo.it\/en\/biking\/bike-guides\/\"><img decoding=\"async\" src=\"http:\/\/www.campingilmelo.it\/wp-content\/uploads\/2018\/05\/guides.jpg\"><\/a><\/p>\n<h2 class=\"scritta\">Guides<\/h2>\n<\/div>\n<\/div>\n<\/div>\n<p><a href=\"https:\/\/www.cuneoalps.it\/index.php\/en\/bookings-piedmont\/bike-experience-alps\" target=\"_blank\" rel=\"noopener\"><img decoding=\"async\" loading=\"lazy\" class=\"size-full wp-image-2030 aligncenter\" src=\"http:\/\/www.campingilmelo.it\/wp-content\/uploads\/2018\/05\/logobikeexperience.jpg\" alt=\"\" width=\"244\" height=\"163\"><\/a><\/p>\n<p style=\"text-align: center;\"><b>BIKE ROOM <\/b><b>CONITOURS \u2013 Cuneo Bike Experience<\/b><br \/>\nVia Pascal 7 &#8211; 12100 CUNEO<br \/>\nTel +39 0171 698749 \u2013 696206<br \/>\n<a href=\"mailto:info@cuneoalps.it\">info@cuneoalps.it<\/a>&nbsp;&#8211;&nbsp;&nbsp;<a href=\"mailto:bike@cuneoalps.it\">bike@cuneoalps.it<\/a><\/p>\n","protected":false},"excerpt":{"rendered":"<p>In Cuneo\u2019s Valleys you will find tourist acommodations, shops, services, bike tourist guides and tourist information offices who participate to \u201cCuneo Bike Experience\u201c, the product Club that offers E-Bike, City or MTB with pedal assistance. Also Camping il Melo reached the Club ! Here you will find customised Reception, Informations and Services for your active [&hellip;]<\/p>\n","protected":false},"author":4,"featured_media":0,"parent":0,"menu_order":0,"comment_status":"closed","ping_status":"closed","template":"page-fullwidth.php","meta":{"ngg_post_thumbnail":0},"_links":{"self":[{"href":"https:\/\/www.campingilmelo.it\/en\/wp-json\/wp\/v2\/pages\/1588"}],"collection":[{"href":"https:\/\/www.campingilmelo.it\/en\/wp-json\/wp\/v2\/pages"}],"about":[{"href":"https:\/\/www.campingilmelo.it\/en\/wp-json\/wp\/v2\/types\/page"}],"author":[{"embeddable":true,"href":"https:\/\/www.campingilmelo.it\/en\/wp-json\/wp\/v2\/users\/4"}],"replies":[{"embeddable":true,"href":"https:\/\/www.campingilmelo.it\/en\/wp-json\/wp\/v2\/comments?post=1588"}],"version-history":[{"count":4,"href":"https:\/\/www.campingilmelo.it\/en\/wp-json\/wp\/v2\/pages\/1588\/revisions"}],"predecessor-version":[{"id":2652,"href":"https:\/\/www.campingilmelo.it\/en\/wp-json\/wp\/v2\/pages\/1588\/revisions\/2652"}],"wp:attachment":[{"href":"https:\/\/www.campingilmelo.it\/en\/wp-json\/wp\/v2\/media?parent=1588"}],"curies":[{"name":"wp","href":"https:\/\/api.w.org\/{rel}","templated":true}]}}