{"id":1826,"date":"2018-04-18T17:09:27","date_gmt":"2018-04-18T15:09:27","guid":{"rendered":"http:\/\/www.campingilmelo.it\/de\/ciclismo\/"},"modified":"2019-01-29T12:47:08","modified_gmt":"2019-01-29T11:47:08","slug":"radfahren","status":"publish","type":"page","link":"https:\/\/www.campingilmelo.it\/de\/radfahren\/","title":{"rendered":"2 R\u00e4der zu entdecken"},"content":{"rendered":"<p>In die T\u00e4ler von Cuneo werden Sie mehrere Beherbergungsbetriebe, Verk\u00e4ufer, Radf\u00fchrer und Tourismusvereine finden, die an \u201cCuneo Bike Experience\u201c teilnehmen.&nbsp; Es ist ein Club, dass E-Bike in der Version City-Bike und MTB-Bike anbietet, mit denen man Cuneo und Umgebung entdecken kann.<\/p>\n<p>Camping Il Melo an dieser Club teilnimmt !<\/p>\n<p>Gerne stellen wir Ihnen Kundenempfang, Infos, Service (Rad-Depot,&nbsp; schnelle W\u00e4scheservice, Prospekte und Fahrradpl\u00e4ne) f\u00fcr Ihren Aktivurlaub zur Verf\u00fcgung.<\/p>\n<p>Kommen Sie zu uns um Ihre 2rad Erlebnisse zu verwirklichen !<\/p>\n\n<table id=\"tablepress-10\" class=\"tablepress tablepress-id-10\" aria-describedby=\"tablepress-10-description\">\n<thead>\n<tr class=\"row-1 odd\">\n\t<th class=\"column-1\"><\/th><th class=\"column-2\">NOLEGGIO E-BIKE<\/th><th class=\"column-3\">E-BIKE RENTAL<\/th><th class=\"column-4\">E-BIKE VERMIETUNG<\/th><th class=\"column-5\">E-BIKE VERHUUR<\/th><th class=\"column-6\">LOCATION<br \/>\nV\u00c9LO \u00c9L\u00c9CTRIQUE<\/th>\n<\/tr>\n<\/thead>\n<tbody class=\"row-hover\">\n<tr class=\"row-2 even\">\n\t<td class=\"column-1\">   GIORNO \/ DAY<br \/>\n<\/td><td class=\"column-2\">                  1\/2  <\/td><td class=\"column-3\">                    1 <br \/>\n<\/td><td class=\"column-4\">                     2 <br \/>\n<\/td><td class=\"column-5\">                 3<br \/>\n<\/td><td class=\"column-6\">                      4 <br \/>\n  <\/td>\n<\/tr>\n<tr class=\"row-3 odd\">\n\t<td class=\"column-1\">CITY<br \/>\nMTB front<\/td><td class=\"column-2\">                25 \u20ac<\/td><td class=\"column-3\">                 35 \u20ac<\/td><td class=\"column-4\">                 65 \u20ac<\/td><td class=\"column-5\">              90 \u20ac<\/td><td class=\"column-6\">                  110 \u20ac<\/td>\n<\/tr>\n<\/tbody>\n<\/table>\n<span id=\"tablepress-10-description\" class=\"tablepress-table-description tablepress-table-description-id-10\">Inclusi casco e lucchetto \/ Included helmet and lock \/  Casque et cadenas inclus \/ Inbegriffene Helm und Schloss \/ Inbegrepen helm en hangslot<\/span>\n<!-- #tablepress-10 from cache -->\n<p>&nbsp;<\/p>\n<div class=\"ciclismoentra\">\n<div class=\"row\">\n<div class=\"col-sm-6 text-center\">\n<p><a href=\"\/de\/radfahren\/weg\/\"><img decoding=\"async\" src=\"\/wp-content\/uploads\/2018\/04\/road2.jpg\"><\/a><\/p>\n<h2 class=\"scritta\"><em>Stra\u00dfen Route<\/em><\/h2>\n<\/div>\n<div class=\"col-sm-6 text-center\">\n<p><a href=\"\/de\/radfahren\/mtb\/\"><img decoding=\"async\" src=\"http:\/\/www.campingilmelo.it\/wp-content\/uploads\/2018\/04\/mtb.jpg\"><\/a><\/p>\n<h2 class=\"scritta\">MTB Route<\/h2>\n<\/div>\n<\/div>\n<div class=\"row\" style=\"margin-bottom: 30px;\">\n<div class=\"col-sm-6 text-center\">\n<p><a href=\"\/category\/eventi-ciclismo\/\"><img decoding=\"async\" src=\"\/wp-content\/uploads\/2018\/04\/eventi.jpg\"><\/a><\/p>\n<h2 class=\"scritta\"><em>Veranstaltungen<\/em><\/h2>\n<\/div>\n<div class=\"col-sm-6 text-center\">\n<p><a href=\"http:\/\/www.campingilmelo.it\/de\/radfahren\/geschaeften\/\"><img decoding=\"async\" src=\"\/wp-content\/uploads\/2018\/04\/shops.jpg\"><\/a><\/p>\n<h2 class=\"scritta\"><em>Gesch\u00e4fte <\/em><\/h2>\n<\/div>\n<\/div>\n<div class=\"row\" style=\"margin-bottom: 30px;\">\n<div class=\"col-sm-6 text-center\">\n<p><a href=\"http:\/\/www.campingilmelo.it\/de\/radfahren\/parks\/\"><img decoding=\"async\" src=\"http:\/\/www.campingilmelo.it\/wp-content\/uploads\/2018\/05\/paks.jpg\"><\/a><\/p>\n<h2 class=\"scritta\">Parks<\/h2>\n<\/div>\n<div class=\"col-sm-6 text-center\">\n<p><a href=\"http:\/\/www.campingilmelo.it\/de\/radfahren\/bike-guides\/\"><img decoding=\"async\" src=\"http:\/\/www.campingilmelo.it\/wp-content\/uploads\/2018\/05\/guides.jpg\"><\/a><\/p>\n<h2 class=\"scritta\">Guides<\/h2>\n<\/div>\n<\/div>\n<\/div>\n<p><a href=\"https:\/\/www.cuneoalps.it\/index.php\/de\/themenurlaub\/bike-experience\" target=\"_blank\" rel=\"noopener\"><img decoding=\"async\" loading=\"lazy\" class=\"size-full wp-image-2030 aligncenter\" src=\"http:\/\/www.campingilmelo.it\/wp-content\/uploads\/2018\/05\/logobikeexperience.jpg\" alt=\"\" width=\"244\" height=\"163\"><\/a><\/p>\n<p style=\"text-align: center;\"><b>BIKE ROOM <\/b><b>CONITOURS \u2013 Cuneo Bike Experience<\/b><br \/>\nVia Pascal 7 &#8211; 12100 CUNEO<br \/>\nTel +39 0171 698749 \u2013 696206<br \/>\n<a href=\"mailto:info@cuneoalps.it\">info@cuneoalps.it<\/a>&nbsp;&#8211;&nbsp;&nbsp;<a href=\"mailto:bike@cuneoalps.it\">bike@cuneoalps.it<\/a><\/p>\n","protected":false},"excerpt":{"rendered":"<p>In die T\u00e4ler von Cuneo werden Sie mehrere Beherbergungsbetriebe, Verk\u00e4ufer, Radf\u00fchrer und Tourismusvereine finden, die an \u201cCuneo Bike Experience\u201c teilnehmen.&nbsp; Es ist ein Club, dass E-Bike in der Version City-Bike und MTB-Bike anbietet, mit denen man Cuneo und Umgebung entdecken kann. Camping Il Melo an dieser Club teilnimmt ! Gerne stellen wir Ihnen Kundenempfang, Infos, [&hellip;]<\/p>\n","protected":false},"author":4,"featured_media":0,"parent":0,"menu_order":0,"comment_status":"closed","ping_status":"closed","template":"page-fullwidth.php","meta":{"ngg_post_thumbnail":0},"_links":{"self":[{"href":"https:\/\/www.campingilmelo.it\/de\/wp-json\/wp\/v2\/pages\/1826"}],"collection":[{"href":"https:\/\/www.campingilmelo.it\/de\/wp-json\/wp\/v2\/pages"}],"about":[{"href":"https:\/\/www.campingilmelo.it\/de\/wp-json\/wp\/v2\/types\/page"}],"author":[{"embeddable":true,"href":"https:\/\/www.campingilmelo.it\/de\/wp-json\/wp\/v2\/users\/4"}],"replies":[{"embeddable":true,"href":"https:\/\/www.campingilmelo.it\/de\/wp-json\/wp\/v2\/comments?post=1826"}],"version-history":[{"count":4,"href":"https:\/\/www.campingilmelo.it\/de\/wp-json\/wp\/v2\/pages\/1826\/revisions"}],"predecessor-version":[{"id":2411,"href":"https:\/\/www.campingilmelo.it\/de\/wp-json\/wp\/v2\/pages\/1826\/revisions\/2411"}],"wp:attachment":[{"href":"https:\/\/www.campingilmelo.it\/de\/wp-json\/wp\/v2\/media?parent=1826"}],"curies":[{"name":"wp","href":"https:\/\/api.w.org\/{rel}","templated":true}]}}